{"id":99,"date":"2022-10-21T20:15:24","date_gmt":"2022-10-21T18:15:24","guid":{"rendered":"http:\/\/vtcsegu.cluster028.hosting.ovh.net\/?page_id=99"},"modified":"2022-11-03T16:23:17","modified_gmt":"2022-11-03T15:23:17","slug":"about-2","status":"publish","type":"page","link":"https:\/\/www.philipperozes.fr\/index.php\/about-2\/","title":{"rendered":"A propos"},"content":{"rendered":"\n<p>L\u2019aquarelle, une passion qui m&rsquo;accompagne au quotidien.<\/p>\n\n\n\n<p>Alors que mes \u00e9tudes d\u2019ing\u00e9nieur puis un travail prenant ne me destinaient pas \u00e0 d\u00e9velopper une passion artistique, j&rsquo;ai suivi les cours du soir des Ateliers des Beaux-Arts de la Ville de Paris \u00e0 Montparnasse. J&rsquo;y ai re\u00e7u durant plusieurs ann\u00e9es une formation de dessin classique d\u2019apr\u00e8s mod\u00e8le, d\u2019anatomie artistique, de modelage, de nature morte\u2026<\/p>\n\n\n\n<p>Mon travail \u00e0 l&rsquo;aquarelle porte aujourd&rsquo;hui essentiellement sur le paysage. <\/p>\n\n\n\n<p>Parisien, r\u00e9sidant depuis peu dans le quartier de Belleville, la capitale (tant ses quartiers monumentaux que populaires) est une source d&rsquo;inspiration au quotidien. Vous pouvez voir sur le site plusieurs s\u00e9ries sur ces th\u00e8mes. <\/p>\n\n\n\n<p>J\u2019aime les paysages structur\u00e9s \u2013probablement une d\u00e9formation d\u2019ing\u00e9nieur\u00a0!\u2013 et ma peinture est figurative. Et si je suis attentif au dessin, ce sont d&rsquo;abord la lumi\u00e8re et la texture qui m\u2019int\u00e9ressent.<\/p>\n\n\n\n<p>Qu\u2019il s\u2019agisse de paysages urbains ou de nature, le sujet que je retiens correspond toujours \u00e0 un moment d\u2019\u00e9motion pour moi. Je cherche \u00e0 partager cette \u00e9motion, en portant une attention particuli\u00e8re \u00e0 l&rsquo;ambiance lumineuse que je souhaite capter et transmettre.<\/p>\n\n\n\n<p>L\u2019aquarelle convient sp\u00e9cialement \u00e0 cette approche. Je travaille par lavis successifs et transparents jusqu&rsquo;\u00e0 reproduire les effets de lumi\u00e8res qui m&rsquo;ont fait choisir un sujet. Je travaille le plus souvent sur des feuilles de grands formats (56cmx76cm) pour donner de l&rsquo;ampleur \u00e0 mes sujets.<\/p>\n\n\n\n<p><\/p>\n\n\n\n<p>Je suis membre de la dynamique association des Ateliers d\u2019Artistes de Belleville (AAB). Et j&rsquo;ai fait en 2022 ma premi\u00e8re exposition avec les artistes de Belleville.<\/p>\n\n\n\n<figure class=\"wp-block-embed is-type-wp-embed is-provider-ateliers-d-039-artistes-de-belleville wp-block-embed-ateliers-d-039-artistes-de-belleville\"><div class=\"wp-block-embed__wrapper\">\n<blockquote class=\"wp-embedded-content\" data-secret=\"suTwCXKazn\"><a href=\"https:\/\/ateliers-artistes-belleville.fr\/artiste\/philippe-rozes\/\">Philippe Roz\u00e8s<\/a><\/blockquote><iframe loading=\"lazy\" class=\"wp-embedded-content\" sandbox=\"allow-scripts\" security=\"restricted\" style=\"position: absolute; clip: rect(1px, 1px, 1px, 1px);\" title=\"\u00ab\u00a0Philippe Roz\u00e8s\u00a0\u00bb &#8212; Ateliers d&#039;Artistes de Belleville\" src=\"https:\/\/ateliers-artistes-belleville.fr\/artiste\/philippe-rozes\/embed\/#?secret=suTwCXKazn\" data-secret=\"suTwCXKazn\" width=\"600\" height=\"338\" frameborder=\"0\" marginwidth=\"0\" marginheight=\"0\" scrolling=\"no\"><\/iframe>\n<\/div><\/figure>\n\n\n\n<p>Ce qui m&rsquo;a valu d&rsquo;\u00eatre distingu\u00e9 par Paris Lights Up.<\/p>\n\n\n\n<figure class=\"wp-block-embed is-type-wp-embed is-provider-paris-lights-up wp-block-embed-paris-lights-up\"><div class=\"wp-block-embed__wrapper\">\n<blockquote class=\"wp-embedded-content\" data-secret=\"1aSj6K0H9L\"><a href=\"https:\/\/parislightsup.com\/2022\/07\/05\/portrait-dartiste-lumiere-et-poesie-de-leau-les-aquarelles-de-philippe-rozes\/\">Portrait d&rsquo;artiste\u00a0: Lumi\u00e8re et po\u00e9sie de l&rsquo;eau, les aquarelles de Philippe Roz\u00e8s<\/a><\/blockquote><iframe loading=\"lazy\" class=\"wp-embedded-content\" sandbox=\"allow-scripts\" security=\"restricted\" style=\"position: absolute; clip: rect(1px, 1px, 1px, 1px);\" title=\"\u00ab\u00a0Portrait d&rsquo;artiste\u00a0: Lumi\u00e8re et po\u00e9sie de l&rsquo;eau, les aquarelles de Philippe Roz\u00e8s\u00a0\u00bb &#8212; Paris Lights Up\" src=\"https:\/\/parislightsup.com\/2022\/07\/05\/portrait-dartiste-lumiere-et-poesie-de-leau-les-aquarelles-de-philippe-rozes\/embed\/#?secret=o01n41ic26#?secret=1aSj6K0H9L\" data-secret=\"1aSj6K0H9L\" width=\"600\" height=\"338\" frameborder=\"0\" marginwidth=\"0\" marginheight=\"0\" scrolling=\"no\"><\/iframe>\n<\/div><\/figure>\n\n\n\n<p><\/p>\n\n\n\n<h2 class=\"wp-block-heading\">Bonne visite sur le site !<\/h2>\n\n\n\n<p><\/p>\n\n\n\n<p><\/p>\n\n\n\n<p>Vous pouvez aussi me suivre sur Instagram&nbsp;:&nbsp;<a rel=\"noreferrer noopener\" href=\"http:\/\/www.instagram.com\/PhilippeRozes_watercolor\" target=\"_blank\">instagram.com\/PhilippeRozes_watercolor<\/a><\/p>\n","protected":false},"excerpt":{"rendered":"<p>L\u2019aquarelle, une passion qui m&rsquo;accompagne au quotidien. Alors que mes \u00e9tudes d\u2019ing\u00e9nieur puis un travail prenant ne me destinaient pas \u00e0 d\u00e9velopper une passion artistique, j&rsquo;ai suivi les cours du soir des Ateliers des Beaux-Arts de la Ville de Paris \u00e0 Montparnasse. J&rsquo;y ai re\u00e7u durant plusieurs ann\u00e9es une formation de dessin classique d\u2019apr\u00e8s mod\u00e8le,<\/p>\n<p class=\"more-link-wrapper\"><a href=\"https:\/\/www.philipperozes.fr\/index.php\/about-2\/\" class=\"more-link\">Continue Reading<span class=\"screen-reader-text\"> \u00ab\u00a0A propos\u00a0\u00bb<\/span><\/a><\/p>\n","protected":false},"author":1,"featured_media":0,"parent":0,"menu_order":0,"comment_status":"closed","ping_status":"closed","template":"template-full.php","meta":{"footnotes":""},"class_list":["post-99","page","type-page","status-publish","hentry"],"yoast_head":"<!-- This site is optimized with the Yoast SEO plugin v27.5 - https:\/\/yoast.com\/product\/yoast-seo-wordpress\/ -->\n<title>A propos - Philippe Roz\u00e8s<\/title>\n<meta name=\"robots\" content=\"index, follow, max-snippet:-1, max-image-preview:large, max-video-preview:-1\" \/>\n<link rel=\"canonical\" href=\"https:\/\/www.philipperozes.fr\/index.php\/about-2\/\" \/>\n<meta property=\"og:locale\" content=\"fr_FR\" \/>\n<meta property=\"og:type\" content=\"article\" \/>\n<meta property=\"og:title\" content=\"A propos - Philippe Roz\u00e8s\" \/>\n<meta property=\"og:description\" content=\"L\u2019aquarelle, une passion qui m&rsquo;accompagne au quotidien. Alors que mes \u00e9tudes d\u2019ing\u00e9nieur puis un travail prenant ne me destinaient pas \u00e0 d\u00e9velopper une passion artistique, j&rsquo;ai suivi les cours du soir des Ateliers des Beaux-Arts de la Ville de Paris \u00e0 Montparnasse. J&rsquo;y ai re\u00e7u durant plusieurs ann\u00e9es une formation de dessin classique d\u2019apr\u00e8s mod\u00e8le,Continue Reading &quot;A propos&quot;\" \/>\n<meta property=\"og:url\" content=\"https:\/\/www.philipperozes.fr\/index.php\/about-2\/\" \/>\n<meta property=\"og:site_name\" content=\"Philippe Roz\u00e8s\" \/>\n<meta property=\"article:modified_time\" content=\"2022-11-03T15:23:17+00:00\" \/>\n<meta name=\"twitter:card\" content=\"summary_large_image\" \/>\n<meta name=\"twitter:label1\" content=\"Dur\u00e9e de lecture estim\u00e9e\" \/>\n\t<meta name=\"twitter:data1\" content=\"2 minutes\" \/>\n<script type=\"application\/ld+json\" class=\"yoast-schema-graph\">{\"@context\":\"https:\\\/\\\/schema.org\",\"@graph\":[{\"@type\":\"WebPage\",\"@id\":\"https:\\\/\\\/www.philipperozes.fr\\\/index.php\\\/about-2\\\/\",\"url\":\"https:\\\/\\\/www.philipperozes.fr\\\/index.php\\\/about-2\\\/\",\"name\":\"A propos - Philippe Roz\u00e8s\",\"isPartOf\":{\"@id\":\"https:\\\/\\\/www.philipperozes.fr\\\/#website\"},\"datePublished\":\"2022-10-21T18:15:24+00:00\",\"dateModified\":\"2022-11-03T15:23:17+00:00\",\"breadcrumb\":{\"@id\":\"https:\\\/\\\/www.philipperozes.fr\\\/index.php\\\/about-2\\\/#breadcrumb\"},\"inLanguage\":\"fr-FR\",\"potentialAction\":[{\"@type\":\"ReadAction\",\"target\":[\"https:\\\/\\\/www.philipperozes.fr\\\/index.php\\\/about-2\\\/\"]}]},{\"@type\":\"BreadcrumbList\",\"@id\":\"https:\\\/\\\/www.philipperozes.fr\\\/index.php\\\/about-2\\\/#breadcrumb\",\"itemListElement\":[{\"@type\":\"ListItem\",\"position\":1,\"name\":\"Accueil\",\"item\":\"https:\\\/\\\/www.philipperozes.fr\\\/\"},{\"@type\":\"ListItem\",\"position\":2,\"name\":\"A propos\"}]},{\"@type\":\"WebSite\",\"@id\":\"https:\\\/\\\/www.philipperozes.fr\\\/#website\",\"url\":\"https:\\\/\\\/www.philipperozes.fr\\\/\",\"name\":\"Philippe Roz\u00e8s\",\"description\":\"watercolors\",\"publisher\":{\"@id\":\"https:\\\/\\\/www.philipperozes.fr\\\/#\\\/schema\\\/person\\\/5edafc45f8b89911ceddd1d470b2e908\"},\"potentialAction\":[{\"@type\":\"SearchAction\",\"target\":{\"@type\":\"EntryPoint\",\"urlTemplate\":\"https:\\\/\\\/www.philipperozes.fr\\\/?s={search_term_string}\"},\"query-input\":{\"@type\":\"PropertyValueSpecification\",\"valueRequired\":true,\"valueName\":\"search_term_string\"}}],\"inLanguage\":\"fr-FR\"},{\"@type\":[\"Person\",\"Organization\"],\"@id\":\"https:\\\/\\\/www.philipperozes.fr\\\/#\\\/schema\\\/person\\\/5edafc45f8b89911ceddd1d470b2e908\",\"name\":\"Philippe Rozes\",\"image\":{\"@type\":\"ImageObject\",\"inLanguage\":\"fr-FR\",\"@id\":\"https:\\\/\\\/secure.gravatar.com\\\/avatar\\\/c7125c83b62bc4056c838637f7f1585b1949318c9c8f181b3351296d2ea8aa9e?s=96&d=mm&r=g\",\"url\":\"https:\\\/\\\/secure.gravatar.com\\\/avatar\\\/c7125c83b62bc4056c838637f7f1585b1949318c9c8f181b3351296d2ea8aa9e?s=96&d=mm&r=g\",\"contentUrl\":\"https:\\\/\\\/secure.gravatar.com\\\/avatar\\\/c7125c83b62bc4056c838637f7f1585b1949318c9c8f181b3351296d2ea8aa9e?s=96&d=mm&r=g\",\"caption\":\"Philippe Rozes\"},\"logo\":{\"@id\":\"https:\\\/\\\/secure.gravatar.com\\\/avatar\\\/c7125c83b62bc4056c838637f7f1585b1949318c9c8f181b3351296d2ea8aa9e?s=96&d=mm&r=g\"},\"sameAs\":[\"http:\\\/\\\/vtcsegu.cluster028.hosting.ovh.net\",\"https:\\\/\\\/www.instagram.com\\\/philipperozes_watercolor\\\/\"]}]}<\/script>\n<!-- \/ Yoast SEO plugin. -->","yoast_head_json":{"title":"A propos - Philippe Roz\u00e8s","robots":{"index":"index","follow":"follow","max-snippet":"max-snippet:-1","max-image-preview":"max-image-preview:large","max-video-preview":"max-video-preview:-1"},"canonical":"https:\/\/www.philipperozes.fr\/index.php\/about-2\/","og_locale":"fr_FR","og_type":"article","og_title":"A propos - Philippe Roz\u00e8s","og_description":"L\u2019aquarelle, une passion qui m&rsquo;accompagne au quotidien. Alors que mes \u00e9tudes d\u2019ing\u00e9nieur puis un travail prenant ne me destinaient pas \u00e0 d\u00e9velopper une passion artistique, j&rsquo;ai suivi les cours du soir des Ateliers des Beaux-Arts de la Ville de Paris \u00e0 Montparnasse. J&rsquo;y ai re\u00e7u durant plusieurs ann\u00e9es une formation de dessin classique d\u2019apr\u00e8s mod\u00e8le,Continue Reading \"A propos\"","og_url":"https:\/\/www.philipperozes.fr\/index.php\/about-2\/","og_site_name":"Philippe Roz\u00e8s","article_modified_time":"2022-11-03T15:23:17+00:00","twitter_card":"summary_large_image","twitter_misc":{"Dur\u00e9e de lecture estim\u00e9e":"2 minutes"},"schema":{"@context":"https:\/\/schema.org","@graph":[{"@type":"WebPage","@id":"https:\/\/www.philipperozes.fr\/index.php\/about-2\/","url":"https:\/\/www.philipperozes.fr\/index.php\/about-2\/","name":"A propos - Philippe Roz\u00e8s","isPartOf":{"@id":"https:\/\/www.philipperozes.fr\/#website"},"datePublished":"2022-10-21T18:15:24+00:00","dateModified":"2022-11-03T15:23:17+00:00","breadcrumb":{"@id":"https:\/\/www.philipperozes.fr\/index.php\/about-2\/#breadcrumb"},"inLanguage":"fr-FR","potentialAction":[{"@type":"ReadAction","target":["https:\/\/www.philipperozes.fr\/index.php\/about-2\/"]}]},{"@type":"BreadcrumbList","@id":"https:\/\/www.philipperozes.fr\/index.php\/about-2\/#breadcrumb","itemListElement":[{"@type":"ListItem","position":1,"name":"Accueil","item":"https:\/\/www.philipperozes.fr\/"},{"@type":"ListItem","position":2,"name":"A propos"}]},{"@type":"WebSite","@id":"https:\/\/www.philipperozes.fr\/#website","url":"https:\/\/www.philipperozes.fr\/","name":"Philippe Roz\u00e8s","description":"watercolors","publisher":{"@id":"https:\/\/www.philipperozes.fr\/#\/schema\/person\/5edafc45f8b89911ceddd1d470b2e908"},"potentialAction":[{"@type":"SearchAction","target":{"@type":"EntryPoint","urlTemplate":"https:\/\/www.philipperozes.fr\/?s={search_term_string}"},"query-input":{"@type":"PropertyValueSpecification","valueRequired":true,"valueName":"search_term_string"}}],"inLanguage":"fr-FR"},{"@type":["Person","Organization"],"@id":"https:\/\/www.philipperozes.fr\/#\/schema\/person\/5edafc45f8b89911ceddd1d470b2e908","name":"Philippe Rozes","image":{"@type":"ImageObject","inLanguage":"fr-FR","@id":"https:\/\/secure.gravatar.com\/avatar\/c7125c83b62bc4056c838637f7f1585b1949318c9c8f181b3351296d2ea8aa9e?s=96&d=mm&r=g","url":"https:\/\/secure.gravatar.com\/avatar\/c7125c83b62bc4056c838637f7f1585b1949318c9c8f181b3351296d2ea8aa9e?s=96&d=mm&r=g","contentUrl":"https:\/\/secure.gravatar.com\/avatar\/c7125c83b62bc4056c838637f7f1585b1949318c9c8f181b3351296d2ea8aa9e?s=96&d=mm&r=g","caption":"Philippe Rozes"},"logo":{"@id":"https:\/\/secure.gravatar.com\/avatar\/c7125c83b62bc4056c838637f7f1585b1949318c9c8f181b3351296d2ea8aa9e?s=96&d=mm&r=g"},"sameAs":["http:\/\/vtcsegu.cluster028.hosting.ovh.net","https:\/\/www.instagram.com\/philipperozes_watercolor\/"]}]}},"_links":{"self":[{"href":"https:\/\/www.philipperozes.fr\/index.php\/wp-json\/wp\/v2\/pages\/99","targetHints":{"allow":["GET"]}}],"collection":[{"href":"https:\/\/www.philipperozes.fr\/index.php\/wp-json\/wp\/v2\/pages"}],"about":[{"href":"https:\/\/www.philipperozes.fr\/index.php\/wp-json\/wp\/v2\/types\/page"}],"author":[{"embeddable":true,"href":"https:\/\/www.philipperozes.fr\/index.php\/wp-json\/wp\/v2\/users\/1"}],"replies":[{"embeddable":true,"href":"https:\/\/www.philipperozes.fr\/index.php\/wp-json\/wp\/v2\/comments?post=99"}],"version-history":[{"count":21,"href":"https:\/\/www.philipperozes.fr\/index.php\/wp-json\/wp\/v2\/pages\/99\/revisions"}],"predecessor-version":[{"id":377,"href":"https:\/\/www.philipperozes.fr\/index.php\/wp-json\/wp\/v2\/pages\/99\/revisions\/377"}],"wp:attachment":[{"href":"https:\/\/www.philipperozes.fr\/index.php\/wp-json\/wp\/v2\/media?parent=99"}],"curies":[{"name":"wp","href":"https:\/\/api.w.org\/{rel}","templated":true}]}}